{"id":1637,"date":"2020-10-15T00:38:12","date_gmt":"2020-10-14T21:38:12","guid":{"rendered":"http:\/\/zanartgrafik.com\/kaya\/?page_id=1637"},"modified":"2020-10-15T00:38:12","modified_gmt":"2020-10-14T21:38:12","slug":"kamera-aydinlatma-metni","status":"publish","type":"page","link":"https:\/\/kayaplastik.com.tr\/fr\/kamera-aydinlatma-metni\/","title":{"rendered":"Kamera Ayd\u0131nlatma Metni"},"content":{"rendered":"<p style=\"font-weight: 400;\"><b><strong>KAMERA KAYIT S\u0130STEMLER\u0130 AYDINLATMA METN\u0130<\/strong><\/b><\/p>\n<p style=\"font-weight: 400;\">Kaya Plastik Branda San. ve Tic. A.\u015e.\u00a0(\u201cKaya Plastik\u201d)\u00a0<b><strong>\u201cveri sorumlusu\u201d\u00a0<\/strong><\/b>s\u0131fat\u0131yla, 6698 Say\u0131l\u0131 Ki\u015fisel Verilerin Korunmas\u0131 Kanunu\u2019nun (\u201c<b><strong>Kanun<\/strong><\/b>\u201d) 10. maddesi gere\u011fince,\u00a0\u00d6zel G\u00fcvenlik Hizmetlerine Dair Kanun ve ilgili mevzuata uygun olarak,\u00a0kamera kayd\u0131 ki\u015fisel verilerinizi elde etme, kaydetme, depolama, muhafaza etme, a\u00e7\u0131klama, aktarma, devralma, elde edilebilir h\u00e2le getirme, s\u0131n\u0131fland\u0131rma ya da kullan\u0131lmas\u0131 engellenme vb. \u015fekillerde \u00f6zenle i\u015fleyerek korumaktay\u0131z. Bu konuda, \u00f6zel hayat\u0131n gizlili\u011fi, temel hak ve \u00f6zg\u00fcrl\u00fcklerin korunmas\u0131na \u00f6nem vermekteyiz. Bu bilin\u00e7le, veri sorumlusu s\u0131fat\u0131yla, gerekli bilgileri a\u015fa\u011f\u0131da sunmaktay\u0131z.<\/p>\n<p style=\"font-weight: 400;\"><b><strong>\u0130\u015flenecek Ki\u015fisel Veriler<\/strong><\/b><\/p>\n<p style=\"font-weight: 400;\">Kaya Plastik\u00a0i\u00e7erisinde belli konumlarda bulunan sesli ve\/veya g\u00f6r\u00fcnt\u00fcl\u00fc kamera kay\u0131tlar\u0131 ile sizlerin ki\u015fisel verileri yasalar ve a\u00e7\u0131k r\u0131zan\u0131za ba\u011fl\u0131 kaydedilmekte ve i\u015flenmektedir. Kanunlar\u0131n gerekli k\u0131ld\u0131\u011f\u0131 ve\/veya ihtiya\u00e7 duyuldu\u011fu hallerde bu bilgilere yenileri ilave edilebilir ve\/veya de\u011fi\u015fiklik yap\u0131labilir.<\/p>\n<p style=\"font-weight: 400;\"><b><strong>Kamera Kay\u0131tlar\u0131n\u0131n Elde Edilme Y\u00f6ntemleri<\/strong><\/b><\/p>\n<p style=\"font-weight: 400;\">Kamera kayd\u0131 ki\u015fisel verilerinizi,\u00a0Kaya Plastik\u00a0i\u00e7erisinde belli konumlarda bulunan kameralar ile 7 g\u00fcn 24 saat s\u00fcre ile elde etmekteyiz.<\/p>\n<p style=\"font-weight: 400;\"><b><strong>Kamera Kay\u0131tlar\u0131n\u0131n \u0130\u015flenme Amac\u0131<\/strong><\/b><\/p>\n<p style=\"font-weight: 400;\">Kamere kay\u0131tlar\u0131 ki\u015fisel verilerinizi:<\/p>\n<ul style=\"font-weight: 400;\">\n<li>Kaya Plastik\u00a0i\u00e7i g\u00fcvenli\u011fin sa\u011flanmas\u0131, bina ve tesislerin yap\u0131lan giri\u015flerin kontrol edilebilmesi,<\/li>\n<li>Verimlili\u011finin artt\u0131r\u0131lmas\u0131,<\/li>\n<li>Kaya Plastik\u00a0ile i\u015f ili\u015fkisi i\u00e7erisinde olan ki\u015filerin hukuki, ticari, teknik g\u00fcvenli\u011finin sa\u011flanmas\u0131,<\/li>\n<li>\u0130\u015f ili\u015fkisinin ispatlanmas\u0131, i\u015f sa\u011fl\u0131\u011f\u0131 ve g\u00fcvenli\u011fi esaslar\u0131n\u0131n uygulanabilmesi, kanunlardan do\u011fan y\u00fck\u00fcml\u00fcl\u00fcklerin yerine getirilmesi, \u00e7al\u0131\u015fma ko\u015fullar\u0131n\u0131n belirlenmesi,<\/li>\n<\/ul>\n<p style=\"font-weight: 400;\">ama\u00e7lar\u0131yla\u00a0s\u0131n\u0131rl\u0131 i\u015flemekteyiz. G\u00fcvenlik kameralar\u0131n\u0131n izleme alanlar\u0131, say\u0131s\u0131 ve ne zaman izleme yap\u0131laca\u011f\u0131, bu ama\u00e7lara ula\u015fmak i\u00e7in uygulanmakta, ki\u015finin mahremiyetini g\u00fcvenlik ama\u00e7lar\u0131n\u0131 a\u015fan \u015fekilde m\u00fcdahale sonucu do\u011furabilecek alanlarda izlemeye tabi tutulmamaktad\u0131r.<\/p>\n<p style=\"font-weight: 400;\"><b><strong>Kamera Kay\u0131tlar\u0131n\u0131n Aktar\u0131m\u0131 ve Korunmas\u0131<\/strong><\/b><\/p>\n<p style=\"font-weight: 400;\">Ki\u015fisel verilerinizi, yukar\u0131da say\u0131lan yasal d\u00fczenlemeler ve di\u011fer mevzuat d\u00fczenlemeleri uyar\u0131nca ve yine yukar\u0131da a\u00e7\u0131klanan ama\u00e7larla, idari ve teknik g\u00fcvenlik \u00f6nlemleri sa\u011flanarak;\u00a0Ger\u00e7ek ki\u015filer veya \u00f6zel hukuk t\u00fczel ki\u015fileri, hissedarlar, i\u015f ortaklar\u0131, tedarik\u00e7iler, y\u00f6netim kurulu \u00fcyeleri, \u00f6zel sigorta \u015firketleri, denet\u00e7iler, dan\u0131\u015fmanlar, s\u00f6zle\u015fmeli hizmet ald\u0131\u011f\u0131m\u0131z, i\u015fbirli\u011fi yapt\u0131\u011f\u0131m\u0131z, yurt i\u00e7i\/yurt d\u0131\u015f\u0131 kurulu\u015flar ve di\u011fer \u00fc\u00e7\u00fcnc\u00fc ki\u015filer\u00a0ile payla\u015fabilmekteyiz. Ki\u015fisel veriler hukuki uyu\u015fmazl\u0131klar\u0131n giderilmesi veya ilgili mevzuat\u0131 gere\u011fi talep halinde adli makamlar veya ilgili kolluk kuvvetlerine aktar\u0131lmaktad\u0131r.<\/p>\n<p style=\"font-weight: 400;\">Kanunun 5. maddesinde d\u00fczenlenen \u201cveri sorumlusunun hukuki y\u00fck\u00fcml\u00fcl\u00fc\u011f\u00fcn\u00fc yerine getirebilmesi i\u00e7in zorunlu olmas\u0131\u201d ve \u201cilgili ki\u015finin temel hak ve \u00f6zg\u00fcrl\u00fcklerine zarar vermemek kayd\u0131yla, veri sorumlusunun me\u015fru menfaatleri i\u00e7in veri i\u015flenmesinin zorunlu olmas\u0131\u201d hukuki sebebine dayanarak otomatik yolla i\u015flenmektedir.<\/p>\n<p style=\"font-weight: 400;\">G\u00f6r\u00fcnt\u00fclere yaln\u0131zca yetkili ki\u015filerin bilgisayarlar\u0131ndan ula\u015f\u0131labilmektedir. Verilerin korunmas\u0131 amac\u0131yla gerekli t\u00fcm teknik \u00f6nlemler al\u0131nmaktad\u0131r.<\/p>\n<p style=\"font-weight: 400;\"><b><strong>Kamera Kay\u0131tlar\u0131n\u0131n G\u00fcvenli\u011fi ve Saklanma S\u00fcresi<\/strong><\/b><\/p>\n<p style=\"font-weight: 400;\">Kanunu\u2019nun 12. maddesine uygun olarak, kamera ile izleme faaliyeti sonucunda elde edilen ki\u015fisel verilerin g\u00fcvenli\u011finin sa\u011flanmas\u0131 i\u00e7in gerekli teknik ve idari tedbirler al\u0131nmaktad\u0131r. Kamera kay\u0131tlar\u0131\u00a01 ay\u00a0s\u00fcre ile \u00f6zenle korunmaktad\u0131r. Ki\u015fisel verileriniz, Kanunun 7. maddesinin 1. f\u0131kras\u0131na g\u00f6re i\u015flenmesini gerektiren ama\u00e7 ortadan kalkt\u0131\u011f\u0131nda ve\/veya mevzuat uyar\u0131nca verilerinizi i\u015flememiz i\u00e7in zorunlu k\u0131l\u0131nd\u0131\u011f\u0131m\u0131z zamana\u015f\u0131m\u0131\/saklama s\u00fcreleri doldu\u011funda, silinecek, yok edilecek veya anonim hale getirilecektir.<\/p>\n<p style=\"font-weight: 400;\"><b><strong>Ki\u015fisel Veri Sahibinin Talep Edebilece\u011fi Haklar<\/strong><\/b><\/p>\n<p style=\"font-weight: 400;\">Ki\u015fisel veri sahibi olarak:<\/p>\n<ul style=\"font-weight: 400;\">\n<li>Ki\u015fisel veri i\u015flenip i\u015flenmedi\u011fini \u00f6\u011frenme,<\/li>\n<li>Ki\u015fisel verileri i\u015flenmi\u015fse buna ili\u015fkin bilgi talep etme,<\/li>\n<li>Ki\u015fisel verilerin i\u015flenme amac\u0131n\u0131 ve bunlar\u0131n amac\u0131na uygun kullan\u0131l\u0131p kullan\u0131lmad\u0131\u011f\u0131n\u0131 \u00f6\u011frenme,<\/li>\n<li>Yurt i\u00e7inde veya yurt d\u0131\u015f\u0131nda ki\u015fisel verilerin aktar\u0131ld\u0131\u011f\u0131 \u00fc\u00e7\u00fcnc\u00fc ki\u015fileri bilme,<\/li>\n<li>Ki\u015fisel verilerin eksik veya yanl\u0131\u015f i\u015flenmi\u015f olmas\u0131 h\u00e2linde bunlar\u0131n d\u00fczeltilmesini isteme,<\/li>\n<li>Kanunda \u00f6ng\u00f6r\u00fclen \u015fartlar \u00e7er\u00e7evesinde ki\u015fisel verilerin silinmesini veya yok edilmesini isteme,<\/li>\n<li>Ki\u015fisel verilerle ilgili de\u011fi\u015fiklilerin, ki\u015fisel verilerin aktar\u0131ld\u0131\u011f\u0131 \u00fc\u00e7\u00fcnc\u00fc ki\u015filere bildirilmesini isteme,<\/li>\n<li>\u0130\u015flenen verilerin m\u00fcnhas\u0131ran otomatik sistemler vas\u0131tas\u0131yla analiz edilmesi suretiyle ki\u015finin kendisi aleyhine bir sonucun ortaya \u00e7\u0131kmas\u0131na itiraz etme,<\/li>\n<li>Ki\u015fisel verilerin kanuna ayk\u0131r\u0131 olarak i\u015flenmesi sebebiyle zarara u\u011framas\u0131 h\u00e2linde zarar\u0131n giderilmesini talep etme,<\/li>\n<\/ul>\n<p style=\"font-weight: 400;\">Haklar\u0131na sahiptir.<\/p>\n<p style=\"font-weight: 400;\"><b><strong>Veri Sahibi Olarak Haklar\u0131n\u0131z\u0131n Kullanmas\u0131<\/strong><\/b><\/p>\n<p style=\"font-weight: 400;\">Haklar\u0131n\u0131z\u0131 kullanmaya y\u00f6nelik ba\u015fvurular\u0131,\u00a0\u201chttp:\/\/kayaplastik.com\/kisisel-verilerin-korunmasi\u201d adresinden ula\u015f\u0131lan\u00a0<b><strong>Veri Sahibi Ba\u015fvuru Formu<\/strong><\/b>\u2019nu doldurulup, Form\u2019da yap\u0131lan a\u00e7\u0131klamalara uygun \u015fekilde\u00a0<b><strong>Kaya Plastik<\/strong><\/b>\u2019e ileterek yapabilirsiniz.<\/p>\n<p style=\"font-weight: 400;\">Talepler niteli\u011fine g\u00f6re, en k\u0131sa s\u00fcrede ve en ge\u00e7 otuz g\u00fcn i\u00e7inde \u00fccretsiz sonu\u00e7land\u0131r\u0131l\u0131r; ancak i\u015flemin ayr\u0131ca bir maliyet gerektirmesi halinde Ki\u015fisel Verileri Koruma Kurulu taraf\u0131ndan belirlenecek tarifeye g\u00f6re ilgili taraftan \u00fccret talep edilebilir.<\/p>\n<p style=\"font-weight: 400;\">Ki\u015fisel verilerinizin i\u015flenmesine ve korunmas\u0131na ili\u015fkin detayl\u0131 bilgilere<em>\u00a0(<\/em><em>http:\/\/kayaplastik.com\/kisisel-verilerin-korunmasi<\/em><em>)\u00a0<\/em>adresinde yer alan<em>\u00a0<\/em><b><strong><em>Kaya Plastik Branda San. ve Tic. A.\u015e.<\/em><\/strong><\/b><b><strong><em>\u00a0Ki\u015fisel Verilerin Korunmas\u0131 ve \u0130\u015flenmesi Politikas\u0131<\/em><\/strong><\/b>\u2019ndan ula\u015fabilirsiniz.<\/p>\n<p style=\"font-weight: 400;\"><b><strong>Veri Sorumlusuna \u0130li\u015fkin Bilgiler<\/strong><\/b><\/p>\n<p style=\"font-weight: 400;\">Kaya Plastik\u00a0hakk\u0131nda bilgiler a\u015fa\u011f\u0131da belirtilmektedir.<\/p>\n<table style=\"font-weight: 400;\" width=\"93{920fe812204af49a8f2f9fd0171174383decb7ae8264ebac4722893575d41adb}\">\n<tbody>\n<tr>\n<td width=\"196\">\n<p style=\"font-weight: 400;\"><b><strong>Unvan\u0131<\/strong><\/b><\/p>\n<\/td>\n<td width=\"33\">\n<p style=\"font-weight: 400;\">:<\/p>\n<\/td>\n<td width=\"402\">\n<p style=\"font-weight: 400;\">Kaya Plastik Branda San. ve Tic. A.\u015e.<\/p>\n<\/td>\n<\/tr>\n<tr>\n<td width=\"196\">\n<p style=\"font-weight: 400;\"><b><strong>Mersis Numaras\u0131<\/strong><\/b><\/p>\n<\/td>\n<td width=\"33\">\n<p style=\"font-weight: 400;\">:<\/p>\n<\/td>\n<td width=\"402\">\n<p style=\"font-weight: 400;\">0534074716200021<\/p>\n<\/td>\n<\/tr>\n<tr>\n<td width=\"196\">\n<p style=\"font-weight: 400;\"><b><strong>Adresi\u00a0\u00a0\u00a0\u00a0\u00a0\u00a0\u00a0\u00a0\u00a0\u00a0\u00a0\u00a0\u00a0\u00a0\u00a0\u00a0\u00a0\u00a0\u00a0\u00a0\u00a0\u00a0\u00a0\u00a0\u00a0\u00a0\u00a0\u00a0\u00a0\u00a0<\/strong><\/b><\/p>\n<\/td>\n<td width=\"33\">\n<p style=\"font-weight: 400;\">:<\/p>\n<\/td>\n<td width=\"402\">\n<p style=\"font-weight: 400;\">Fevzipa\u015fa Mahallesi S\u00f6\u011f\u00fct Caddesi No: 7 De\u011firmenk\u00f6y Silivri \/ \u0130STANBUL \/ T\u00dcRK\u0130YE<\/p>\n<\/td>\n<\/tr>\n<tr>\n<td width=\"196\">\n<p style=\"font-weight: 400;\"><b><strong>Telefonu<\/strong><\/b><\/p>\n<\/td>\n<td width=\"33\">\n<p style=\"font-weight: 400;\">:<\/p>\n<\/td>\n<td width=\"402\">\n<p style=\"font-weight: 400;\">0 212 735 39 40<\/p>\n<\/td>\n<\/tr>\n<tr>\n<td width=\"196\">\n<p style=\"font-weight: 400;\"><b><strong>Fax<\/strong><\/b><\/p>\n<\/td>\n<td width=\"33\">\n<p style=\"font-weight: 400;\">:<\/p>\n<\/td>\n<td width=\"402\">\n<p style=\"font-weight: 400;\">0 212 735 39 37<\/p>\n<\/td>\n<\/tr>\n<tr>\n<td width=\"196\">\n<p style=\"font-weight: 400;\"><b><strong>e-posta adresi<\/strong><\/b><\/p>\n<\/td>\n<td width=\"33\">\n<p style=\"font-weight: 400;\">:<\/p>\n<\/td>\n<td width=\"402\">\n<p style=\"font-weight: 400;\">info@kayaplastik.com.tr<\/p>\n<\/td>\n<\/tr>\n<tr>\n<td width=\"196\">\n<p style=\"font-weight: 400;\"><b><strong>Kay\u0131tl\u0131 e Posta (KEP)<\/strong><\/b><\/p>\n<\/td>\n<td width=\"33\">\n<p style=\"font-weight: 400;\">:<\/p>\n<\/td>\n<td width=\"402\">\n<p style=\"font-weight: 400;\">kayaplastik@hs01.kep.tr<\/p>\n<\/td>\n<\/tr>\n<\/tbody>\n<\/table>\n<p style=\"font-weight: 400;\"><b><strong>\u00a0<\/strong><\/b><\/p>\n<p style=\"font-weight: 400;\"><b><strong>Kaya Plastik Branda San. ve Tic. A.\u015e.<\/strong><\/b><\/p>\n<p style=\"font-weight: 400;\"><b><strong>A\u00c7IK RIZA BEYANIM<\/strong><\/b><\/p>\n<p style=\"font-weight: 400;\">Yukar\u0131da a\u00e7\u0131klanan t\u00fcm hususlarda taraf\u0131ma gerekli ayd\u0131nlatman\u0131n yap\u0131ld\u0131\u011f\u0131n\u0131; bu metni, Kaya Plastik Ki\u015fisel Verilerin Korunmas\u0131 ve \u0130\u015flenmesi Politikas\u0131n\u0131 ve Ayd\u0131nlatma Beyan\u0131n\u0131 okudu\u011fumu ve anlad\u0131\u011f\u0131m\u0131; Kaya Plastik taraf\u0131ndan kamera kayd\u0131 ki\u015fisel verilerimin yukar\u0131daki \u015fartlarda i\u015flenmesine, aktar\u0131lmas\u0131na ve saklanmas\u0131na,<\/p>\n<p style=\"font-weight: 400;\">A\u00e7\u0131k R\u0131zam ile Kabul Ediyorum<\/p>\n<p style=\"font-weight: 400;\">Kabul Etmiyorum<\/p>\n<p style=\"font-weight: 400;\"><b><strong>Veri Sahibi<\/strong><\/b><\/p>\n<p style=\"font-weight: 400;\">Ad\u0131 Soyad\u0131\u00a0 :\u2026\u2026\u2026\u2026\u2026\u2026\u2026\u2026\u2026\u2026\u2026\u2026\u2026\u2026\u2026\u2026\u2026\u2026\u2026\u2026\u2026\u2026.<\/p>\n<p style=\"font-weight: 400;\">Tarih\u00a0\u00a0\u00a0\u00a0\u00a0\u00a0\u00a0\u00a0\u00a0\u00a0 :\u2026\u2026\u2026\/\u2026\u2026..\/\u2026\u2026\u2026\u2026\u2026\u2026<\/p>\n<p style=\"font-weight: 400;\">\u0130mza\u00a0\u00a0\u00a0\u00a0\u00a0\u00a0\u00a0\u00a0\u00a0\u00a0\u00a0 :\u2026\u2026\u2026\u2026\u2026\u2026\u2026\u2026\u2026\u2026\u2026\u2026.<\/p>\n","protected":false},"excerpt":{"rendered":"<p>KAMERA KAYIT S\u0130STEMLER\u0130 AYDINLATMA METN\u0130 Kaya Plastik Branda San. ve Tic. A.\u015e.\u00a0(\u201cKaya Plastik\u201d)\u00a0\u201cveri sorumlusu\u201d\u00a0s\u0131fat\u0131yla, 6698 Say\u0131l\u0131 Ki\u015fisel Verilerin Korunmas\u0131 Kanunu\u2019nun (\u201cKanun\u201d) 10. maddesi gere\u011fince,\u00a0\u00d6zel G\u00fcvenlik Hizmetlerine Dair Kanun ve ilgili &#8230;<\/p>\n","protected":false},"author":1,"featured_media":0,"parent":0,"menu_order":0,"comment_status":"closed","ping_status":"closed","template":"","meta":[],"_links":{"self":[{"href":"https:\/\/kayaplastik.com.tr\/fr\/wp-json\/wp\/v2\/pages\/1637"}],"collection":[{"href":"https:\/\/kayaplastik.com.tr\/fr\/wp-json\/wp\/v2\/pages"}],"about":[{"href":"https:\/\/kayaplastik.com.tr\/fr\/wp-json\/wp\/v2\/types\/page"}],"author":[{"embeddable":true,"href":"https:\/\/kayaplastik.com.tr\/fr\/wp-json\/wp\/v2\/users\/1"}],"replies":[{"embeddable":true,"href":"https:\/\/kayaplastik.com.tr\/fr\/wp-json\/wp\/v2\/comments?post=1637"}],"version-history":[{"count":1,"href":"https:\/\/kayaplastik.com.tr\/fr\/wp-json\/wp\/v2\/pages\/1637\/revisions"}],"predecessor-version":[{"id":1638,"href":"https:\/\/kayaplastik.com.tr\/fr\/wp-json\/wp\/v2\/pages\/1637\/revisions\/1638"}],"wp:attachment":[{"href":"https:\/\/kayaplastik.com.tr\/fr\/wp-json\/wp\/v2\/media?parent=1637"}],"curies":[{"name":"wp","href":"https:\/\/api.w.org\/{rel}","templated":true}]}}