{"id":1635,"date":"2020-10-15T00:37:53","date_gmt":"2020-10-14T21:37:53","guid":{"rendered":"http:\/\/zanartgrafik.com\/kaya\/?page_id=1635"},"modified":"2020-10-15T00:37:53","modified_gmt":"2020-10-14T21:37:53","slug":"calisan-adayi-aydinlatma","status":"publish","type":"page","link":"https:\/\/kayaplastik.com.tr\/fr\/calisan-adayi-aydinlatma\/","title":{"rendered":"\u00c7al\u0131\u015fan Aday\u0131 Ayd\u0131nlatma"},"content":{"rendered":"<p style=\"font-weight: 400;\"><b><strong>\u00c7ALI\u015eAN ADAYI AYDINLATMA METN\u0130<\/strong><\/b><\/p>\n<p style=\"font-weight: 400;\"><b><strong>\u00a0<\/strong><\/b><\/p>\n<p style=\"font-weight: 400;\">Kaya Plastik Branda San. ve Tic. A.\u015e.\u00a0(\u201c<b><strong>Kaya Plastik<\/strong><\/b>\u201d) \u00e7al\u0131\u015fan aday\u0131\/stajyer\/\u00f6\u011frenci olarak, 6698 say\u0131l\u0131 Ki\u015fisel Verilerin Korunmas\u0131 Kanunu (\u201cKanun\u201d), kamera kay\u0131t sistemleri ve elektronik ileti\u015fim kapsam\u0131nda veri kaynaklar\u0131m\u0131zdan elde etti\u011fimiz ki\u015fisel verilerinizi,\u00a0<b><strong>Kaya Plastik<\/strong><\/b><b><strong>\u00a0Ki\u015fisel<\/strong><\/b><b><strong>\u00a0Verilerin Korunmas\u0131 ve \u0130\u015flenmesi Politikas\u0131<\/strong><\/b>\u00a0ile\u00a0<b><strong>Saklama ve \u0130mha Politikas\u0131<\/strong><\/b>\u00a0usul ve esaslar\u0131yla i\u015flemekte ve gizli tutmaktay\u0131z. Bu belge ile ayd\u0131nlatma y\u00fck\u00fcml\u00fcl\u00fc\u011f\u00fcn\u00fc yerine getirmekte ve a\u015fa\u011f\u0131da bilgilerimizi sundu\u011fumuz veri sorumlusu s\u0131fat\u0131yla onay\u0131n\u0131z\u0131 istemekteyiz.<\/p>\n<table width=\"558\">\n<tbody>\n<tr>\n<td width=\"132\">\n<p style=\"font-weight: 400;\"><b><strong>Unvan:<\/strong><\/b><\/p>\n<\/td>\n<td width=\"425\">\n<p style=\"font-weight: 400;\">Kaya Plastik Branda San. ve Tic. A.\u015e.<\/p>\n<\/td>\n<\/tr>\n<tr>\n<td width=\"132\">\n<p style=\"font-weight: 400;\"><b><strong>MERS\u0130S Numaras\u0131:<\/strong><\/b><\/p>\n<\/td>\n<td width=\"425\">\n<p style=\"font-weight: 400;\">0534074716200021<\/p>\n<\/td>\n<\/tr>\n<tr>\n<td width=\"132\">\n<p style=\"font-weight: 400;\"><b><strong>Adresi:<\/strong><\/b><\/p>\n<\/td>\n<td width=\"425\">\n<p style=\"font-weight: 400;\">Fevzipa\u015fa Mahallesi S\u00f6\u011f\u00fct Caddesi No: 7 De\u011firmenk\u00f6y Silivri \/ \u0130STANBUL \/ T\u00dcRK\u0130YE<\/p>\n<\/td>\n<\/tr>\n<tr>\n<td width=\"132\">\n<p style=\"font-weight: 400;\"><b><strong>Telefon:<\/strong><\/b><\/p>\n<\/td>\n<td width=\"425\">\n<p style=\"font-weight: 400;\">0212 735 39 40<\/p>\n<\/td>\n<\/tr>\n<tr>\n<td width=\"132\">\n<p style=\"font-weight: 400;\"><b><strong>Faks:<\/strong><\/b><\/p>\n<\/td>\n<td width=\"425\">\n<p style=\"font-weight: 400;\">0212 735 39 37<\/p>\n<\/td>\n<\/tr>\n<tr>\n<td width=\"132\">\n<p style=\"font-weight: 400;\"><b><strong>E-mail:<\/strong><\/b><\/p>\n<\/td>\n<td width=\"425\">\n<p style=\"font-weight: 400;\">info@kayaplastik.com.tr<\/p>\n<\/td>\n<\/tr>\n<\/tbody>\n<\/table>\n<p style=\"font-weight: 400;\">\u00c7al\u0131\u015fan aday\/stajyer\/\u00f6\u011frencilerin: Kimlik, ileti\u015fim, lokasyon, \u00f6zl\u00fck, imza, hukuki i\u015flem, fiziksel mek\u00e2n g\u00fcvenli\u011fi, risk y\u00f6netimi, mesleki deneyim, i\u015flem g\u00fcvenli\u011fi, beden \u00f6l\u00e7\u00fcleri, sa\u011fl\u0131k bilgileri, ceza mahk\u00fbmiyeti ve g\u00fcvenlik tedbirleri, aile bilgileri, \u00e7al\u0131\u015fma verileri, imza, web sitesi kullan\u0131m verileri, sigorta bilgileri veri kategorisi i\u00e7indeki Politika ekinde belirtilen ki\u015fisel verilerinizi;<\/p>\n<p style=\"font-weight: 400;\">\u00fc\u00a0\u00a0\u0130\u015fe al\u0131m ba\u015fvuru, se\u00e7me, yerle\u015ftirme, i\u015f s\u00f6zle\u015fmesi s\u00fcre\u00e7leri ba\u015fta olmak \u00fczere Politika\u2019da belirlenen ama\u00e7lara ba\u011fl\u0131,\u00a0Kanun\u2019un 5. ve 6. maddelerine uygun olarak i\u015flemekteyiz.<\/p>\n<p style=\"font-weight: 400;\">\u00fc\u00a0\u00a0Saklama ve \u0130mha Politikas\u0131\u2019nda \u00f6ng\u00f6r\u00fclen s\u00fcreler boyunca, gereken her t\u00fcrl\u00fc teknik ve idari tedbirler alarak \u00f6zenle korumakta, ba\u015fvurunuzun olumsuz sonu\u00e7lanmas\u0131 halinde 6 ay i\u00e7erisinde silmekte, yok etmekte veya anonim hale getirmekteyiz.<\/p>\n<p style=\"font-weight: 400;\">\u00fc\u00a0\u00a0Korumak i\u00e7in gerekli teknik ve idari g\u00fcvenlik \u00f6nlemleri almakta ve kontrolleri yapmaktay\u0131z.<\/p>\n<p style=\"font-weight: 400;\">\u00fc\u00a0\u00a0Yukar\u0131da belirlenen ama\u00e7larla, ger\u00e7ek ki\u015filer veya \u00f6zel hukuk t\u00fczel ki\u015fileri, hissedarlar, i\u015f ortaklar\u0131, tedarik\u00e7iler, yetkili kamu kurum ve kurulu\u015flar\u0131, y\u00f6netim kurulu \u00fcyeleri ile payla\u015fabilmekteyiz.<\/p>\n<p style=\"font-weight: 400;\">Kaya Plastik\u2019te g\u00fcvenlik, giri\u015f ve \u00e7\u0131k\u0131\u015flar\u0131n kontrol edilmesi amac\u0131yla g\u00f6r\u00fcnt\u00fcl\u00fc kamera sistemleri bulunmakta, i\u015fyerinde ge\u00e7irdi\u011finiz s\u00fcre boyunca i\u00e7 ve d\u0131\u015f mek\u00e2nlarda kay\u0131t alt\u0131na al\u0131nmakta, g\u00f6r\u00fcnt\u00fc kay\u0131t sistemleri ile y\u00f6neticilerin belirledi\u011fi \u00fc\u00e7\u00fcnc\u00fc ki\u015filerce takip edilebilmektedir.\u00a0\u0130\u015f ba\u015fvuru sonu\u00e7lar\u0131n\u0131z\u0131, elektronik iletilere izin vermeniz halinde ileti\u015fim bilgileriniz \u00fczerinden bildirmekteyiz.<\/p>\n<p style=\"font-weight: 400;\">Kanunun \u201cilgili ki\u015finin haklar\u0131n\u0131 d\u00fczenleyen\u201d 11. maddesi kapsam\u0131ndaki taleplerinizi Politika\u2019da d\u00fczenlendi\u011fi \u015fekilde,\u00a0 Ba\u015fvuru Formunu\u00a0<b><strong>Kaya Plastik<\/strong><\/b>\u2019e ileterek yapabilirsiniz.<\/p>\n<p style=\"font-weight: 400;\"><b><strong><em>Kaya Plastik<\/em><\/strong><\/b><b><strong><em>\u00a0Ki\u015fisel Verilerin Korunmas\u0131 ve \u0130\u015flenmesi Politikas\u0131, Ki\u015fisel Veri Saklama ve \u0130mha Politikas\u0131, Ba\u015fvuru Formu i\u00e7in \u201c<\/em><\/strong><\/b><b><strong><em>http:\/\/kayaplastik.com\/kisisel-verilerin-korunmasi<\/em><\/strong><\/b><b><strong><em>\u201d adresinden ula\u015fabilirsiniz.<\/em><\/strong><\/b><\/p>\n<p style=\"font-weight: 400;\"><b><strong>A\u00c7IK RIZA BEYANIM<\/strong><\/b><\/p>\n<p style=\"font-weight: 400;\">Yukar\u0131da a\u00e7\u0131klanan t\u00fcm hususlarda taraf\u0131ma gerekli ayd\u0131nlatma yap\u0131ld\u0131\u011f\u0131n\u0131,\u00a0Kaya Plastik\u00a0Ki\u015fisel Verilerin Korunmas\u0131 ve \u0130\u015flenmesi Politikas\u0131 ile Saklama ve \u0130mha Politikas\u0131\u2019n\u0131 okudu\u011fumu ve anlad\u0131\u011f\u0131m\u0131, 6698 say\u0131l\u0131 Kanunun 11. maddesi kapsam\u0131ndaki haklar\u0131m\u0131 bildi\u011fimi beyan ederim.\u00a0Referanslar\u0131m\u0131n i\u015f ili\u015fkisi kapsam\u0131nda ileti\u015fime ge\u00e7ilecekleri hususunda bilgi sahibi olduklar\u0131n\u0131 ve a\u00e7\u0131k r\u0131za g\u00f6sterdiklerini taahh\u00fct ederim. Bu kapsamda referanslar\u0131mla ileti\u015fim konusunda firman\u0131z yetkilidir ve bu ileti\u015fime muvafakatim vard\u0131r.\u00a0\u00a0Veri sorumlusunun g\u00fcvenlik, denetim, sa\u011fl\u0131k gibi me\u015fru menfaatler, s\u00f6zle\u015fme ya da kanundan kaynaklanan nedenlerle s\u00f6zl\u00fc, yaz\u0131l\u0131 ya da elektronik ortamda toplanan ki\u015fisel verilerimin i\u015fleme amac\u0131 ile ba\u011flant\u0131l\u0131, s\u0131n\u0131rl\u0131 ve \u00f6l\u00e7\u00fcl\u00fc i\u015flenmesine, ticari elektronik ileti almay\u0131;<\/p>\n<p style=\"font-weight: 400;\">A\u00e7\u0131k R\u0131zam ile Kabul Ediyorum\u00a0\u00a0\u00a0\u00a0\u00a0\u00a0\u00a0\u00a0\u00a0\u00a0\u00a0\u00a0\u00a0\u00a0\u00a0\u00a0\u00a0\u00a0\u00a0\u00a0\u00a0\u00a0\u00a0\u00a0\u00a0\u00a0 Kabul Etmiyorum<\/p>\n<p style=\"font-weight: 400;\"><b><strong>Veri Sahibi<\/strong><\/b><\/p>\n<p style=\"font-weight: 400;\">Ad\u0131 Soyad\u0131\u00a0 :\u2026\u2026\u2026\u2026\u2026\u2026\u2026\u2026\u2026\u2026\u2026\u2026\u2026..<\/p>\n<p style=\"font-weight: 400;\">Tarih\u00a0\u00a0\u00a0\u00a0\u00a0\u00a0\u00a0\u00a0\u00a0\u00a0 :\u2026\u2026\u2026\/\u2026\u2026..\/\u2026\u2026\u2026\u2026\u2026\u2026\u00a0\u00a0\u00a0\u00a0\u00a0\u00a0\u00a0\u00a0 \u0130mza\u00a0\u00a0\u00a0\u00a0\u00a0\u00a0\u00a0\u00a0\u00a0\u00a0\u00a0 :\u2026\u2026\u2026\u2026\u2026\u2026\u2026\u2026\u2026\u2026\u2026\u2026.<\/p>\n","protected":false},"excerpt":{"rendered":"<p>\u00c7ALI\u015eAN ADAYI AYDINLATMA METN\u0130 \u00a0 Kaya Plastik Branda San. ve Tic. A.\u015e.\u00a0(\u201cKaya Plastik\u201d) \u00e7al\u0131\u015fan aday\u0131\/stajyer\/\u00f6\u011frenci olarak, 6698 say\u0131l\u0131 Ki\u015fisel Verilerin Korunmas\u0131 Kanunu (\u201cKanun\u201d), kamera kay\u0131t sistemleri ve elektronik ileti\u015fim kapsam\u0131nda &#8230;<\/p>\n","protected":false},"author":1,"featured_media":0,"parent":0,"menu_order":0,"comment_status":"closed","ping_status":"closed","template":"","meta":[],"_links":{"self":[{"href":"https:\/\/kayaplastik.com.tr\/fr\/wp-json\/wp\/v2\/pages\/1635"}],"collection":[{"href":"https:\/\/kayaplastik.com.tr\/fr\/wp-json\/wp\/v2\/pages"}],"about":[{"href":"https:\/\/kayaplastik.com.tr\/fr\/wp-json\/wp\/v2\/types\/page"}],"author":[{"embeddable":true,"href":"https:\/\/kayaplastik.com.tr\/fr\/wp-json\/wp\/v2\/users\/1"}],"replies":[{"embeddable":true,"href":"https:\/\/kayaplastik.com.tr\/fr\/wp-json\/wp\/v2\/comments?post=1635"}],"version-history":[{"count":1,"href":"https:\/\/kayaplastik.com.tr\/fr\/wp-json\/wp\/v2\/pages\/1635\/revisions"}],"predecessor-version":[{"id":1636,"href":"https:\/\/kayaplastik.com.tr\/fr\/wp-json\/wp\/v2\/pages\/1635\/revisions\/1636"}],"wp:attachment":[{"href":"https:\/\/kayaplastik.com.tr\/fr\/wp-json\/wp\/v2\/media?parent=1635"}],"curies":[{"name":"wp","href":"https:\/\/api.w.org\/{rel}","templated":true}]}}